{"id":474,"date":"2022-10-26T14:00:28","date_gmt":"2022-10-26T11:00:28","guid":{"rendered":"https:\/\/amoshem.fi\/?page_id=474"},"modified":"2026-08-20T11:06:45","modified_gmt":"2026-08-20T08:06:45","slug":"vierailu","status":"publish","type":"page","link":"https:\/\/amoshem.fi\/fi\/vierailu\/","title":{"rendered":"Vierailu"},"content":{"rendered":"\n<h1 class=\"wp-block-heading has-red-color has-text-color\">Vierailu<\/h1>\n\n\n<span class=\"amos-anchor-menu-container\"><\/span><script>function ready(fn) {if (document.readyState !== \"loading\") {fn();} else {document.addEventListener(\"DOMContentLoaded\", fn);}} ready(function() { lala_anchor_menu_create(\".page-content h2, .entry-content h2\",\".amos-anchor-menu-container\",\"20px\");});<\/script>\n\n\n\n<p class=\"wp-block-paragraph\">Amos\u202fAndersons\u202fHem\u202fon avoinna yleis\u00f6lle keskiviikkoisin klo 16\u201320 ja lauantaisin klo 11\u201317.\u202f\u00a0<br>Museo on poikkeuksellisesti kiinni ke 18.11. yksityistilaisuuden takia. <br><br>Museo on maksuton. K\u00e4vij\u00e4 voi halutessaan varata vierailuajan etuk\u00e4teen.\u202f\u00a0<br><br>Vierailuaikoja on mahdollisuus varata vuoden 2026 loppuun saakka.<\/p>\n\n\n\n<h2 class=\"wp-block-heading has-red-color has-text-color\">Avoimet intro-opastukset lauantaisin klo 15<\/h2>\n\n\n\n<p class=\"wp-block-paragraph\">Museossa j\u00e4rjestet\u00e4\u00e4n lyhyit\u00e4 intro-opastuksia joka lauantai.<br>Ne ovat suomeksi joka parillinen viikko ja ruotsinkielisi\u00e4 parittomilla viikkoilla.<br><\/p>\n\n\n\n<p class=\"wp-block-paragraph\">Tulevat suomenkieliset intro-opastukset:<\/p>\n\n\n\n<p class=\"wp-block-paragraph\"><\/p>\n\n\n\n<p class=\"wp-block-paragraph\">Kes\u00e4kuussa 13.6. ja 27.6.<br>Hein\u00e4kuussa 11.7. ja 25.7.<br>Elokuussa 1.8., 8.8. ja 22.8.<br>Syyskuussa 5.9. ja 17.9.<\/p>\n\n\n\n<p class=\"wp-block-paragraph\">Intro-opastus on lyhyt esittely Amos Andersonin el\u00e4m\u00e4st\u00e4 sek\u00e4 talon ja museon historiasta.<br><br>Varaa mielell\u00e4\u00e4n lippu intro-opastukselle nettikaupastamme, sill\u00e4 paikkoja on rajoitetusti. <br><br>Samasta syyst\u00e4 pyyd\u00e4mme, ett\u00e4 ryhmille varataan omia opastuksia arkisin.&nbsp;<br><em>Olethan meihin yhteydess\u00e4&nbsp;<\/em><a href=\"mailto:boka@amoshem.fi\" target=\"_blank\" rel=\"noreferrer noopener\"><em>boka@amoshem.fi<\/em><\/a> <em>tai varaa opastus suoraan <a href=\"https:\/\/amosandersonshem.johku.com\/fi_FI\/opastukset-ryhmille\">verkkokaupastamme<\/a>.<\/em><\/p>\n\n\n\n<h2 class=\"wp-block-heading has-red-color has-text-color\">L\u00f6yd\u00e4 perille<\/h2>\n\n\n\n<p class=\"wp-block-paragraph\">Talon p\u00e4\u00e4sis\u00e4\u00e4nk\u00e4ynti on osoitteessa Yrj\u00f6nkatu 27 A, 00100 Helsinki. <br>5:teen kerrokseen p\u00e4\u00e4se hissill\u00e4 tai rappuja pitkin.<\/p>\n\n\n\n<p class=\"wp-block-paragraph\">Museoon p\u00e4\u00e4see esteett\u00f6m\u00e4sti sis\u00e4pihan ja Mercatorkujan kautta, eli kulkuv\u00e4yl\u00e4st\u00e4 joka kulkee Yrj\u00f6nkadun 27-29 ja Kukontorin v\u00e4liss\u00e4. Lasisen hissikuilun vierest\u00e4 l\u00f6ytyy ramppi ja esteet\u00f6n sis\u00e4\u00e4nk\u00e4ynti. Esteet\u00f6n hissi l\u00f6ytyy heti vasemmalta.<\/p>\n\n\n\n<p class=\"wp-block-paragraph\">L\u00e4himm\u00e4t metroasemat ovat Kamppi ja Rautatientori. L\u00e4himm\u00e4t raitiovaunupys\u00e4kit ovat Simonkadun, Lasipalatsin, Ylioppilastalon ja P\u00e4\u00e4rautatieaseman pys\u00e4kit.<\/p>\n\n\n\n<h2 class=\"wp-block-heading has-red-color has-text-color\">Liput<\/h2>\n\n\n\n<p class=\"wp-block-paragraph\">Museok\u00e4ynti on maksuton. K\u00e4vij\u00e4 voi my\u00f6s halutessaan varata vierailuajan etuk\u00e4teen .<br>Lippuja on mahdollista varata vuoden 2026 loppuun asti.&nbsp;<br><br>My\u00f6s lauantaisin j\u00e4rjestett\u00e4viin intro-opastuksiin on hyv\u00e4 varata liput!<\/p>\n\n\n\n<div class=\"wp-block-buttons is-layout-flex wp-block-buttons-is-layout-flex\">\n<div class=\"wp-block-button\"><a class=\"wp-block-button__link wp-element-button\" href=\"https:\/\/amosandersonshem.johku.com\/fi_FI\/liput\">Varaa vierailu\/intro-opastuslippu t\u00e4st\u00e4<\/a><\/div>\n<\/div>\n\n\n\n<h2 class=\"wp-block-heading has-red-color has-text-color\">Ryhm\u00e4t<\/h2>\n\n\n\n<p class=\"wp-block-paragraph\">Museossa on my\u00f6s mahdollista j\u00e4rjest\u00e4\u00e4 ryhm\u00e4opastuksia. Ryhm\u00e4opastukset ovat maksullisia ja niit\u00e4 voi varata museon opasvarauksen kautta.<\/p>\n\n\n\n<div class=\"wp-block-buttons is-layout-flex wp-block-buttons-is-layout-flex\">\n<div class=\"wp-block-button\"><a class=\"wp-block-button__link wp-element-button\" href=\"https:\/\/amoshem.fi\/fi\/vierailu\/ryhmat\/\">Varaa opastus<\/a><\/div>\n<\/div>\n","protected":false},"excerpt":{"rendered":"<p>Vierailu Amos\u202fAndersons\u202fHem\u202fon avoinna yleis\u00f6lle keskiviikkoisin klo 16\u201320 ja lauantaisin klo 11\u201317.\u202f\u00a0Museo on poikkeuksellisesti kiinni ke 18.11. yksityistilaisuuden takia. Museo on maksuton. K\u00e4vij\u00e4 voi halutessaan varata vierailuajan etuk\u00e4teen.\u202f\u00a0 Vierailuaikoja on mahdollisuus varata vuoden 2026 loppuun saakka. Avoimet intro-opastukset lauantaisin klo 15 Museossa j\u00e4rjestet\u00e4\u00e4n lyhyit\u00e4 intro-opastuksia joka lauantai.Ne ovat suomeksi joka parillinen viikko ja ruotsinkielisi\u00e4 parittomilla viikkoilla. [&hellip;]<\/p>\n","protected":false},"author":14,"featured_media":0,"parent":0,"menu_order":2,"comment_status":"closed","ping_status":"closed","template":"","meta":{"_acf_changed":false,"footnotes":""},"class_list":["post-474","page","type-page","status-publish","hentry"],"acf":[],"yoast_head":"<!-- This site is optimized with the Yoast SEO plugin v28.3 - https:\/\/yoast.com\/product\/yoast-seo-wordpress\/ -->\n<title>Vierailu - Amos Hem<\/title>\n<meta name=\"description\" content=\"Amos\u202fAndersons\u202fHem\u202fon avoinna yleis\u00f6lle keskiviikkoisin klo 16\u201320 ja lauantaisin klo 11\u201317.\u202f\u00a0Museo on maksuton.\" \/>\n<meta name=\"robots\" content=\"index, follow, max-snippet:-1, max-image-preview:large, max-video-preview:-1\" \/>\n<link rel=\"canonical\" href=\"https:\/\/amoshem.fi\/fi\/vierailu\/\" \/>\n<meta property=\"og:locale\" content=\"fi_FI\" \/>\n<meta property=\"og:type\" content=\"article\" \/>\n<meta property=\"og:title\" content=\"Vierailu - Amos Hem\" \/>\n<meta property=\"og:description\" content=\"Amos\u202fAndersons\u202fHem\u202fon avoinna yleis\u00f6lle keskiviikkoisin klo 16\u201320 ja lauantaisin klo 11\u201317.\u202f\u00a0Museo on maksuton.\" \/>\n<meta property=\"og:url\" content=\"https:\/\/amoshem.fi\/fi\/vierailu\/\" \/>\n<meta property=\"og:site_name\" content=\"Amos Hem\" \/>\n<meta property=\"article:publisher\" content=\"https:\/\/www.facebook.com\/amosandersonshem\" \/>\n<meta property=\"article:modified_time\" content=\"2026-08-20T08:06:45+00:00\" \/>\n<meta property=\"og:image\" content=\"https:\/\/amoshem.fi\/wp-content\/uploads\/sites\/6\/2023\/01\/L09-B_Kaj_Yrjonk_ennen_meita_mv-edited.jpg\" \/>\n\t<meta property=\"og:image:width\" content=\"1572\" \/>\n\t<meta property=\"og:image:height\" content=\"884\" \/>\n\t<meta property=\"og:image:type\" content=\"image\/jpeg\" \/>\n<meta name=\"twitter:card\" content=\"summary_large_image\" \/>\n<meta name=\"twitter:description\" content=\"Amos\u202fAndersons\u202fHem\u202fon avoinna yleis\u00f6lle keskiviikkoisin klo 16\u201320 ja lauantaisin klo 11\u201317.\u202f\u00a0Museo on maksuton mutta k\u00e4vij\u00e4n t\u00e4ytyy varata vierailuaika etuk\u00e4teen museon koon vuoksi.\u202f\u00a0Museo aukeaa yleis\u00f6lle lauantaina 18.3.2023 klo 11.\u202fAvajaisohjelmasta tiedotetaan my\u00f6hemmin.\" \/>\n<meta name=\"twitter:image\" content=\"https:\/\/amoshem.fi\/wp-content\/uploads\/sites\/6\/2023\/01\/L09-B_Kaj_Yrjonk_ennen_meita_mv-edited.jpg\" \/>\n<meta name=\"twitter:label1\" content=\"Arvioitu lukuaika\" \/>\n\t<meta name=\"twitter:data1\" content=\"2 minuuttia\" \/>\n<script type=\"application\/ld+json\" class=\"yoast-schema-graph\">{\"@context\":\"https:\\\/\\\/schema.org\",\"@graph\":[{\"@type\":\"WebPage\",\"@id\":\"https:\\\/\\\/amoshem.fi\\\/fi\\\/vierailu\\\/\",\"url\":\"https:\\\/\\\/amoshem.fi\\\/fi\\\/vierailu\\\/\",\"name\":\"Vierailu - Amos Hem\",\"isPartOf\":{\"@id\":\"https:\\\/\\\/amoshem.fi\\\/#website\"},\"datePublished\":\"2022-10-26T11:00:28+00:00\",\"dateModified\":\"2026-08-20T08:06:45+00:00\",\"description\":\"Amos\u202fAndersons\u202fHem\u202fon avoinna yleis\u00f6lle keskiviikkoisin klo 16\u201320 ja lauantaisin klo 11\u201317.\u202f\u00a0Museo on maksuton.\",\"breadcrumb\":{\"@id\":\"https:\\\/\\\/amoshem.fi\\\/fi\\\/vierailu\\\/#breadcrumb\"},\"inLanguage\":\"fi\",\"potentialAction\":[{\"@type\":\"ReadAction\",\"target\":[\"https:\\\/\\\/amoshem.fi\\\/fi\\\/vierailu\\\/\"]}]},{\"@type\":\"BreadcrumbList\",\"@id\":\"https:\\\/\\\/amoshem.fi\\\/fi\\\/vierailu\\\/#breadcrumb\",\"itemListElement\":[{\"@type\":\"ListItem\",\"position\":1,\"name\":\"Home\",\"item\":\"https:\\\/\\\/amoshem.fi\\\/fi\\\/\"},{\"@type\":\"ListItem\",\"position\":2,\"name\":\"Vierailu\"}]},{\"@type\":\"WebSite\",\"@id\":\"https:\\\/\\\/amoshem.fi\\\/#website\",\"url\":\"https:\\\/\\\/amoshem.fi\\\/\",\"name\":\"Amos Hem\",\"description\":\"\",\"publisher\":{\"@id\":\"https:\\\/\\\/amoshem.fi\\\/#organization\"},\"potentialAction\":[{\"@type\":\"SearchAction\",\"target\":{\"@type\":\"EntryPoint\",\"urlTemplate\":\"https:\\\/\\\/amoshem.fi\\\/?s={search_term_string}\"},\"query-input\":{\"@type\":\"PropertyValueSpecification\",\"valueRequired\":true,\"valueName\":\"search_term_string\"}}],\"inLanguage\":\"fi\"},{\"@type\":\"Organization\",\"@id\":\"https:\\\/\\\/amoshem.fi\\\/#organization\",\"name\":\"Amos Andersons Hem\",\"url\":\"https:\\\/\\\/amoshem.fi\\\/\",\"logo\":{\"@type\":\"ImageObject\",\"inLanguage\":\"fi\",\"@id\":\"https:\\\/\\\/amoshem.fi\\\/#\\\/schema\\\/logo\\\/image\\\/\",\"url\":\"https:\\\/\\\/amoshem.fi\\\/wp-content\\\/uploads\\\/sites\\\/6\\\/2022\\\/11\\\/AAH_Logo_RGB_musta_w1200px_72dpi.jpg\",\"contentUrl\":\"https:\\\/\\\/amoshem.fi\\\/wp-content\\\/uploads\\\/sites\\\/6\\\/2022\\\/11\\\/AAH_Logo_RGB_musta_w1200px_72dpi.jpg\",\"width\":600,\"height\":295,\"caption\":\"Amos Andersons Hem\"},\"image\":{\"@id\":\"https:\\\/\\\/amoshem.fi\\\/#\\\/schema\\\/logo\\\/image\\\/\"},\"sameAs\":[\"https:\\\/\\\/www.facebook.com\\\/amosandersonshem\",\"https:\\\/\\\/www.instagram.com\\\/amosandersonshem\\\/\"]}]}<\/script>\n<!-- \/ Yoast SEO plugin. -->","yoast_head_json":{"title":"Vierailu - Amos Hem","description":"Amos\u202fAndersons\u202fHem\u202fon avoinna yleis\u00f6lle keskiviikkoisin klo 16\u201320 ja lauantaisin klo 11\u201317.\u202f\u00a0Museo on maksuton.","robots":{"index":"index","follow":"follow","max-snippet":"max-snippet:-1","max-image-preview":"max-image-preview:large","max-video-preview":"max-video-preview:-1"},"canonical":"https:\/\/amoshem.fi\/fi\/vierailu\/","og_locale":"fi_FI","og_type":"article","og_title":"Vierailu - Amos Hem","og_description":"Amos\u202fAndersons\u202fHem\u202fon avoinna yleis\u00f6lle keskiviikkoisin klo 16\u201320 ja lauantaisin klo 11\u201317.\u202f\u00a0Museo on maksuton.","og_url":"https:\/\/amoshem.fi\/fi\/vierailu\/","og_site_name":"Amos Hem","article_publisher":"https:\/\/www.facebook.com\/amosandersonshem","article_modified_time":"2026-08-20T08:06:45+00:00","og_image":[{"width":1572,"height":884,"url":"https:\/\/amoshem.fi\/wp-content\/uploads\/sites\/6\/2023\/01\/L09-B_Kaj_Yrjonk_ennen_meita_mv-edited.jpg","type":"image\/jpeg"}],"twitter_card":"summary_large_image","twitter_description":"Amos\u202fAndersons\u202fHem\u202fon avoinna yleis\u00f6lle keskiviikkoisin klo 16\u201320 ja lauantaisin klo 11\u201317.\u202f\u00a0Museo on maksuton mutta k\u00e4vij\u00e4n t\u00e4ytyy varata vierailuaika etuk\u00e4teen museon koon vuoksi.\u202f\u00a0Museo aukeaa yleis\u00f6lle lauantaina 18.3.2023 klo 11.\u202fAvajaisohjelmasta tiedotetaan my\u00f6hemmin.","twitter_image":"https:\/\/amoshem.fi\/wp-content\/uploads\/sites\/6\/2023\/01\/L09-B_Kaj_Yrjonk_ennen_meita_mv-edited.jpg","twitter_misc":{"Arvioitu lukuaika":"2 minuuttia"},"schema":{"@context":"https:\/\/schema.org","@graph":[{"@type":"WebPage","@id":"https:\/\/amoshem.fi\/fi\/vierailu\/","url":"https:\/\/amoshem.fi\/fi\/vierailu\/","name":"Vierailu - Amos Hem","isPartOf":{"@id":"https:\/\/amoshem.fi\/#website"},"datePublished":"2022-10-26T11:00:28+00:00","dateModified":"2026-08-20T08:06:45+00:00","description":"Amos\u202fAndersons\u202fHem\u202fon avoinna yleis\u00f6lle keskiviikkoisin klo 16\u201320 ja lauantaisin klo 11\u201317.\u202f\u00a0Museo on maksuton.","breadcrumb":{"@id":"https:\/\/amoshem.fi\/fi\/vierailu\/#breadcrumb"},"inLanguage":"fi","potentialAction":[{"@type":"ReadAction","target":["https:\/\/amoshem.fi\/fi\/vierailu\/"]}]},{"@type":"BreadcrumbList","@id":"https:\/\/amoshem.fi\/fi\/vierailu\/#breadcrumb","itemListElement":[{"@type":"ListItem","position":1,"name":"Home","item":"https:\/\/amoshem.fi\/fi\/"},{"@type":"ListItem","position":2,"name":"Vierailu"}]},{"@type":"WebSite","@id":"https:\/\/amoshem.fi\/#website","url":"https:\/\/amoshem.fi\/","name":"Amos Hem","description":"","publisher":{"@id":"https:\/\/amoshem.fi\/#organization"},"potentialAction":[{"@type":"SearchAction","target":{"@type":"EntryPoint","urlTemplate":"https:\/\/amoshem.fi\/?s={search_term_string}"},"query-input":{"@type":"PropertyValueSpecification","valueRequired":true,"valueName":"search_term_string"}}],"inLanguage":"fi"},{"@type":"Organization","@id":"https:\/\/amoshem.fi\/#organization","name":"Amos Andersons Hem","url":"https:\/\/amoshem.fi\/","logo":{"@type":"ImageObject","inLanguage":"fi","@id":"https:\/\/amoshem.fi\/#\/schema\/logo\/image\/","url":"https:\/\/amoshem.fi\/wp-content\/uploads\/sites\/6\/2022\/11\/AAH_Logo_RGB_musta_w1200px_72dpi.jpg","contentUrl":"https:\/\/amoshem.fi\/wp-content\/uploads\/sites\/6\/2022\/11\/AAH_Logo_RGB_musta_w1200px_72dpi.jpg","width":600,"height":295,"caption":"Amos Andersons Hem"},"image":{"@id":"https:\/\/amoshem.fi\/#\/schema\/logo\/image\/"},"sameAs":["https:\/\/www.facebook.com\/amosandersonshem","https:\/\/www.instagram.com\/amosandersonshem\/"]}]}},"_links":{"self":[{"href":"https:\/\/amoshem.fi\/fi\/wp-json\/wp\/v2\/pages\/474","targetHints":{"allow":["GET"]}}],"collection":[{"href":"https:\/\/amoshem.fi\/fi\/wp-json\/wp\/v2\/pages"}],"about":[{"href":"https:\/\/amoshem.fi\/fi\/wp-json\/wp\/v2\/types\/page"}],"author":[{"embeddable":true,"href":"https:\/\/amoshem.fi\/fi\/wp-json\/wp\/v2\/users\/14"}],"replies":[{"embeddable":true,"href":"https:\/\/amoshem.fi\/fi\/wp-json\/wp\/v2\/comments?post=474"}],"version-history":[{"count":30,"href":"https:\/\/amoshem.fi\/fi\/wp-json\/wp\/v2\/pages\/474\/revisions"}],"predecessor-version":[{"id":3530,"href":"https:\/\/amoshem.fi\/fi\/wp-json\/wp\/v2\/pages\/474\/revisions\/3530"}],"wp:attachment":[{"href":"https:\/\/amoshem.fi\/fi\/wp-json\/wp\/v2\/media?parent=474"}],"curies":[{"name":"wp","href":"https:\/\/api.w.org\/{rel}","templated":true}]}}